{"id":278,"date":"2019-01-20T14:25:44","date_gmt":"2019-01-20T13:25:44","guid":{"rendered":"http:\/\/adirjan.com\/wordpress2\/?page_id=278"},"modified":"2025-12-12T13:59:42","modified_gmt":"2025-12-12T12:59:42","slug":"tour","status":"publish","type":"page","link":"https:\/\/adirjan.com\/?page_id=278","title":{"rendered":"Tour"},"content":{"rendered":"<div id=\"pl-278\"  class=\"panel-layout\" ><div id=\"pg-278-0\"  class=\"panel-grid panel-no-style\" ><div id=\"pgc-278-0-0\"  class=\"panel-grid-cell\" ><div id=\"panel-278-0-0-0\" class=\"so-panel widget widget_sow-editor panel-first-child\" data-index=\"0\" ><div\n\t\t\t\n\t\t\tclass=\"so-widget-sow-editor so-widget-sow-editor-base\"\n\t\t\t\n\t\t><h3 class=\"widget-title\">Upcoming Concerts<\/h3>\n<div class=\"siteorigin-widget-tinymce textwidget\">\n\t<p>&nbsp;<\/p>\n<p><span class=\"gmail-\">18.07.2026\u00a0 - Concert\u00a0with Emrah G\u00f6kmen <\/span><span class=\"gmail-\">\/ Aub bei W\u00fcrzburg<\/span><\/p>\n<\/div>\n<\/div><\/div><div id=\"panel-278-0-0-1\" class=\"so-panel widget widget_sow-editor panel-last-child\" data-index=\"1\" ><div\n\t\t\t\n\t\t\tclass=\"so-widget-sow-editor so-widget-sow-editor-base\"\n\t\t\t\n\t\t><h3 class=\"widget-title\">Past Concerts<\/h3>\n<div class=\"siteorigin-widget-tinymce textwidget\">\n\t<p>&nbsp;<\/p>\n<p><span class=\"gmail-\">06.12.2025\u00a0 - Album (AL MAST) Release Special with Band - Zemb\u00eel - S\u00fcdblock\u00a0<\/span><span class=\"gmail-\">\/ Berlin<br \/>\n<\/span><\/p>\n<p><span class=\"gmail-\">22.11.2025\u00a0 - Concert\u00a0with Band - Queertriarchy at Schwankhalle \/ Bremen<\/span><\/p>\n<p><strong><span class=\"gmail-\">21.11.2025\u00a0 DIGITAL &amp; VINYL ALBUM RELEASE - AL MAST!\u00a0<\/span><\/strong><\/p>\n<p><span class=\"gmail-\">02.08.2025\u00a0 - Acoustic with Ioannis Stergiou - Bardentreffen - Kreuzigungshof\/ N\u00fcrnberg\u00a0<\/span><\/p>\n<p><span class=\"gmail-\">05.07.2025\u00a0 - Concert\u00a0with Band - Antiracist Festival \/ Athens (Greece)<\/span><\/p>\n<p><span class=\"gmail-\">12.06.2025\u00a0 - Concert\u00a0with Emrah G\u00f6kmen - St\u00e4delschule<\/span><span class=\"gmail-\">\/ Frankfurt am Main<\/span><\/p>\n<p><span class=\"gmail-\">15.02.2025\u00a0 - Acoustic with Ioannis Stergiou - Ev. Akademie\/ Bad Boll <\/span><\/p>\n<p><span class=\"gmail-\">25.01.2025\u00a0 - Concert\u00a0with Band - Gayhane Anniversay - SO36\/ Berlin <\/span><\/p>\n<p><span class=\"gmail-\">09.11.2024\u00a0 - Concert\u00a0with Band - 15. Kurdisches Filmfestival - KNUST \/ Hamburg <\/span><\/p>\n<p><span class=\"gmail-\">15.10.2024\u00a0 - Acoustic Concert - 14. Kurdisches Filmfestival - SO36 \/ Berlin <\/span><\/p>\n<p><span class=\"gmail-\">20.09.2024\u00a0 - Concert\u00a0with Band - Whoriental Festival - Heimathafen Neuk\u00f6lln \/ Berlin <\/span><\/p>\n<p><span class=\"gmail-\">08.09.2024\u00a0 - Reading Performance\u00a0<\/span><span class=\"gmail-\">- James-Baldwin-Festival \/ Haus der Kulturen der Welt \/ Berlin<br \/>\n<\/span><\/p>\n<p><span class=\"gmail-\">17.08.2024\u00a0 - Concert\u00a0with Band - Fest der Vielen \/ Duisburg <\/span><\/p>\n<p><span class=\"gmail-\">10.08.2024\u00a0 - Concert\u00a0with Emrah G\u00f6kmen - Queer Slam Berlin - ufaFabrik<\/span><span class=\"gmail-\"> \/ Berlin<\/span><\/p>\n<p><span class=\"gmail-\">09.08.2024\u00a0 - Concert\u00a0with Band - Durchl\u00fcften - Humboldtforum \/ Berlin\u00a0 <\/span><\/p>\n<p><span class=\"gmail-\">26.07.2024\u00a0 - Concert\u00a0with Band - Juttas Festival \/ F\u00fcrstenwalde\u00a0 <\/span><\/p>\n<p><span class=\"gmail-\">13.07.2024\u00a0 - Concert\u00a0with Band - Festiwalla - Volksb\u00fchne \/ Berlin <\/span><\/p>\n<p><span class=\"gmail-\">07.07.2024\u00a0 - Concert\u00a0with Band - Antiracist Festival \/ Athens (Greece)<\/span><\/p>\n<p><span class=\"gmail-\">09.06.2024\u00a0 - Acoustic Solo - Doppelt Unsichtbar \/\u00a0<\/span><em>Studio \u042f - <span class=\"gmail-\">Maxim Gorki Theater<\/span><\/em> \/ <span class=\"gmail-\">Berlin<\/span><\/p>\n<p><span class=\"gmail-\">03.06.2024\u00a0 - Benefizkonzert f\u00fcr OURBRIDGE e.V. - Refugio \/ Berlin<\/span><\/p>\n<p><span class=\"gmail-\">01.06.2024\u00a0 - Concert\u00a0with Band - House of Namus \/ Gro\u00dfmarktsch\u00e4nke - <\/span><span class=\"gmail-\">Dortmund<\/span><\/p>\n<p><span class=\"gmail-\">18.05.2024\u00a0 - Concert\u00a0with Band - Karneval der Kulturen - Neue Pumpe \/ Berlin <\/span><\/p>\n<p><span class=\"gmail-\">21.03.2024\u00a0 - Concert\u00a0with <\/span><span class=\"gmail-\">Emrah G\u00f6kmen - Maxim Gorki Theater \/ Berlin<\/span><\/p>\n<p><span class=\"gmail-\">15.12.2023\u00a0 - Concert\u00a0with Band - Gazino Night \/House of Namus \/ domicil \/ <\/span><span class=\"gmail-\">Dortmund<\/span><\/p>\n<p><span class=\"gmail-\">03.11.2023\u00a0 - Concert\u00a0with Band - Kurdische Kulturwochen \/ <\/span><span class=\"gmail-\">Hansa48 \/ Kiel<\/span><\/p>\n<p><span class=\"gmail-\">26.10.2023\u00a0 - Concert\u00a0with Band - <\/span><span class=\"gmail-\">Groovestation \/ Dresden<\/span><\/p>\n<p><span class=\"gmail-\">17.08.2023\u00a0 - Acoustic-Solo-Concert - Internationales Sommerfestival Kampnagel - Waldb\u00fchne<\/span><span class=\"gmail-\">\/Hamburg<\/span><\/p>\n<p><span class=\"gmail-\">02.07.2023\u00a0 - X-Berg Kiz Meslek Korosu feat. Adir Jan - <\/span><span class=\"gmail-\">Fusion Festival \/ L\u00e4rz<\/span><\/p>\n<p><span class=\"gmail-\">24.06.2023\u00a0 - Concert\u00a0with Emrah G\u00f6kmen - <\/span><span class=\"gmail-\">Kulturladen Loni-\u00dcbler-Haus \/ N\u00fcrnberg<\/span><\/p>\n<p><span class=\"gmail-\">21.03.2023\u00a0 - Newroz-Concert\u00a0with Emrah G\u00f6kmen - <\/span><span class=\"gmail-\">Cumberlandsche Galerie \/ Staatstheater Hannover<\/span><\/p>\n<p><span class=\"gmail-\">10.03.2023\u00a0 - Benefit Event with Emrah G\u00f6kmen - <\/span><span class=\"gmail-\">SO36\/ Berlin<\/span><\/p>\n<p><span class=\"gmail-\">02.03.2023\u00a0 - Benefit Event with Emrah G\u00f6kmen - <\/span><span class=\"gmail-\">Acud Club\/ Berlin<\/span><\/p>\n<p><span class=\"gmail-\">08.12.2022\u00a0 - Concert\u00a0with Band - Queers in Concert - SchwuZ<\/span><span class=\"gmail-\">\/ Berlin<\/span><\/p>\n<p><span class=\"gmail-\">03.12.2022\u00a0 - Concert\u00a0with Emrah G\u00f6kmen - Tomasa Villa\/ Berlin<\/span><\/p>\n<p><span class=\"gmail-\">01.10.2022\u00a0 - Concert\u00a0with Emrah G\u00f6kmen - Interkulturelle Woche\/ Kassel<\/span><\/p>\n<p><span class=\"gmail-\">02.09.2022\u00a0 - Concert\u00a0with Band - \u0130\u00e7 \u0130\u00e7e Festival - KNUST<\/span><span class=\"gmail-\">\/ Hamburg<\/span><\/p>\n<p><span class=\"gmail-\">12.08.2022\u00a0 - Concert\u00a0with Band - European Championships - Olympiaberg\/ M\u00fcnchen<\/span><\/p>\n<p><span class=\"gmail-\">10.08.2022\u00a0 - Concert\u00a0with Emrah G\u00f6kmen - KuirTopia Festival - <\/span><span class=\"gmail-\">Revier S\u00fcd\/ Berlin<\/span><\/p>\n<p><span class=\"gmail-\">16.07.2022\u00a0 - Concert\u00a0with Band - Whoriental Festival - Gretchen\/ Berlin <\/span><\/p>\n<p><span class=\"gmail-\">04.07.2022\u00a0 - Concert\u00a0with Band - Vyssinokipos\/ Athens <\/span><\/p>\n<p><span class=\"gmail-\">02.07.2022\u00a0 - Concert\u00a0with Band - Antiracist Festival\/ Athens<\/span><\/p>\n<p><span class=\"gmail-\">26.06.2022\u00a0 - Concert\u00a0with Emrah G\u00f6kmen - <\/span><span class=\"gmail-\"> Apr\u00e9s Church\/ Berlin<\/span><\/p>\n<p><span class=\"gmail-\">06.06.2022\u00a0 - Concert\u00a0with Emrah G\u00f6kmen - <span id=\"page1R_mcid3\" class=\"markedContent\"><span dir=\"ltr\" role=\"presentation\">P<\/span><span class=\"markedContent\"><span dir=\"ltr\" role=\"presentation\">fi<\/span><\/span><span dir=\"ltr\" role=\"presentation\">ngstspaziergang zu K\u00f6penick<\/span><\/span>\/ Berlin<\/span><\/p>\n<p><span class=\"gmail-\">21.05.2022\u00a0 - Concert\u00a0with Emrah G\u00f6kmen - Kultur Tanken\/ Berlin<\/span><\/p>\n<p><span class=\"gmail-\">30.04.2022\u00a0 - Concert\u00a0with Band - Kulturfabrik Moabit\/ Berlin<\/span><\/p>\n<p><span class=\"gmail-\">08.04.2022\u00a0 - Concert\u00a0with Emrah G\u00f6kmen - Sepp Maiers 2raumwohnung<\/span><span class=\"gmail-\">\/ Berlin<\/span><\/p>\n<div>\n<p><span class=\"gmail-\">19.03.2022 - Concert Solo - Newroz \/ Berlin<br \/>\n<\/span><\/p>\n<p><span class=\"gmail-\">19.02.2022 - Kundgebung - Hanau \/ Berlin<br \/>\n<\/span><\/p>\n<p><span class=\"gmail-\">24.12.2021 - Concert - Zemb\u00eel \/ Good bye! - SO36\/ Berlin<br \/>\n(<strong>Cancelled<\/strong> because of Covid)<\/span><\/p>\n<p><span class=\"gmail-\">12.11.2021 -\u00a0 Concert with band -\u00a0<\/span><span class=\"gmail-\"> Import Export \/ M\u00fcnchen<\/span><\/p>\n<p><span class=\"gmail-\">06.11.2021 - Concert with band - Musika Bizian Festival \/ Basque Country: Bilbao-Galdakao<br \/>\n<\/span><\/p>\n<p><span class=\"gmail-\">15.10.2021 -\u00a0 Concert with band (streaming) -\u00a0<\/span><span class=\"gmail-\"> Seebr\u00fccke Festival \/ SO36 \/ Berlin <\/span><\/p>\n<p><span class=\"gmail-\">09.10.2021\u00a0 - Concert - <\/span><span class=\"gmail-\">Friedenskirche \/ Gr\u00fcnau<\/span><\/p>\n<p><span class=\"gmail-\">02.10.2021\u00a0 - Concert\u00a0with Emrah G\u00f6kmen - <\/span><span class=\"gmail-\"> Asbildung \/ Osnabr\u00fcck<\/span><\/p>\n<p><span class=\"gmail-\">01.10.2021\u00a0 - Concert\u00a0with Emrah G\u00f6kmen - <\/span><span class=\"gmail-\"> \u00dcber den Stadtrand\/ Berlin<\/span><\/p>\n<p><span class=\"gmail-\">29.08.2021 -\u00a0 Concert with band - <span class=\"st\">\u0130\u00e7 \u0130\u00e7e Festival<\/span><\/span><span class=\"gmail-\">\/ Festsaal Kreuzberg \/ Berlin <\/span><\/p>\n<p><span class=\"gmail-\">25.08.2021\u00a0 - Concert with Emrah G\u00f6kmen - Pop-Kultur Festival \/ Kulturbrauerei <\/span><span class=\"gmail-\">\/ Berlin<\/span><\/p>\n<p><span class=\"gmail-\">20.08.2021\u00a0 - Concert with Emrah G\u00f6kmen - Plan.et C ALPHA (Fusion Festival) \/ L\u00e4rz<\/span><\/p>\n<p><span class=\"gmail-\">14.08.2021\u00a0 - Concert\u00a0with Emrah G\u00f6kmen feat. Hogir G\u00f6regen -<br \/>\nHaus der Kulturen der Welt (HKW) <\/span><span class=\"gmail-\">\/ Berlin<\/span><\/p>\n<p><span class=\"gmail-\">24.07.2021\u00a0 - Concert with Emrah G\u00f6kmen - Rote Res \/ Bodenmais<\/span><\/p>\n<p><span class=\"gmail-\">23.07.2021\u00a0 - Concert with Emrah G\u00f6kmen - Ois Giasing \/ M\u00fcnchen<\/span><span class=\"gmail-\"><br \/>\n<\/span><\/p>\n<p><span class=\"gmail-\">22.07.2021\u00a0 - Concert with Emrah G\u00f6kmen - Fraunhofer Isarflimmern \/ M\u00fcnchen<br \/>\n<\/span><\/p>\n<p><span class=\"gmail-\">22.07.2021\u00a0 - Concert with Emrah G\u00f6kmen - Textilmuseum \/ Augsburg<\/span><\/p>\n<p><span class=\"gmail-\">21.07.2021\u00a0 - Concert with Emrah G\u00f6kmen - Friedensfest <\/span><span class=\"gmail-\">\/ Augsburg<\/span><\/p>\n<p><span class=\"gmail-\">21.06.2021\u00a0 - Concert - F\u00eate de la Musique <\/span><span class=\"gmail-\">\/ Berlin<\/span><\/p>\n<p><span class=\"gmail-\">21.12.2020\u00a0 - Kundgebung - Magdeburger Landgericht <\/span><span class=\"gmail-\">\/ Magdeburg<\/span><\/p>\n<p><span class=\"gmail-\">23.10.2020 (cancelled) - Musika Bizian Festival \/ Bilbao <\/span><\/p>\n<p><span class=\"gmail-\">06.10.2020\u00a0 - Festival of Resilience - BRLO Brwhouse <\/span><span class=\"gmail-\">\/ Berlin<\/span><\/p>\n<p><span class=\"gmail-\">21.06.2020 (cancelled) -\u00a0 Concert - <span class=\"st\">Refugio<\/span><\/span><span class=\"gmail-\">\/ Berlin <\/span><\/p>\n<p><span class=\"gmail-\">16.05.2020 (cancelled) -\u00a0 Concert - <span class=\"st\">\u0130\u00e7 \u0130\u00e7e Festival<\/span><\/span><span class=\"gmail-\">\/ Berlin <\/span><\/p>\n<p><span class=\"gmail-\">03.04.2020\u00a0(cancelled) - Performance - Voo Store <\/span><span class=\"gmail-\">\/ Berlin<\/span><\/p>\n<p><span class=\"gmail-\">28.03.2020 (cancelled) - Concert - SubstAnZ \/ Osnabr\u00fcck<\/span><\/p>\n<p><span class=\"gmail-\">07.02.2020 - Concert - Zemb\u00eel - SO36\/ Berlin <\/span><\/p>\n<p><span class=\"gmail-\">10.01.2020 - Performance - Refugio \/ Berlin<\/span><\/p>\n<p><span class=\"gmail-\">29.11.2019 - Concert - IKUWO\/ Greifswald <\/span><\/p>\n<p><span class=\"gmail-\">26.10.2019 - Concert - Spedition \/ Bremen <\/span><\/p>\n<p><span class=\"gmail-\">10.10.2019 - Concert - Schwankhalle \/ Bremen <\/span><\/p>\n<p><span class=\"gmail-\">02.10.2019 - Concert - Lutherkirche \/ K\u00f6ln<\/span><\/p>\n<p><span class=\"gmail-\">22.09.2019 - Concert - Villa Kuriosum \/ Berlin<\/span><\/p>\n<p><span class=\"gmail-\">18.08.2019 - Concert - Neuk\u00f6lln Country &amp; Folk \/ Berlin<\/span><\/p>\n<p><span class=\"gmail-\">20.07.2019 - Concert - Gut Suckow \/ Suckow<\/span><\/p>\n<p><span class=\"gmail-\">28.06.2019 - Concert - Fusion Festival \/ L\u00e4rz <\/span><\/p>\n<p><span class=\"gmail-\">26.06.2019 - Concert with Derya Yildirim &amp; Grup Simsek - Schlachthof \/ Wiesbaden<\/span><\/p>\n<p><span class=\"gmail-\">22.06.2019 - Zemb\u00eel - SO36 \/ Berlin <\/span><\/p>\n<p><span class=\"gmail-\">31.05.2019 - Concert - Nachtkl\u00e4nge \/ Heilbronn <\/span><\/p>\n<p><span class=\"gmail-\">25.05.2019 - Concert - Kupferd\u00e4chle \/ Pforzheim<br \/>\n<\/span><\/p>\n<p><span class=\"gmail-\">19.05.2019 - Solo-Performance - F\u00fcr ein Europa der Vielen! - Volksb\u00fchne \/ Berlin<\/span><\/p>\n<p>11.05.2019 - Solo-Performance - Ordibehesht \/ Berlin<br \/>\n<span class=\"gmail-\"><br \/>\n06.04.2019 - Concert - Hansa48 \/ Kiel<\/span><\/p>\n<p>21.03.2019 - Newroz-Concert - SO36 \/ Berlin<\/p>\n<p>09.03.2019 - Concert - Interkulturelles Zentrum \/ Heidelberg<\/p>\n<p><span class=\"gmail-\">07.03.2019 - Concert - Rotbart \/ Berlin<\/span><\/p>\n<p>15.02.2019 - Concert - Franz K \/ Reutlingen<\/p>\n<p>14.02.2019 - Concert - Import Export \/ M\u00fcnchen<\/p>\n<p>01\/02\/2019 <a href=\"https:\/\/www.facebook.com\/zembilik\/\" target=\"_blank\" rel=\"noopener\">SO36\/Berlin<\/a>\u00a0Adir Jan's ALBUM RELEASE - LEYLA in Zemb\u00eel<\/p>\n<p>16\/12\/2018\u00a0<a href=\"http:\/\/www.grips-theater.de\/\" target=\"_blank\" rel=\"noopener\">GRIPS Theater\/Berlin<\/a>\u00a0Carl-von-Ossietzky-Medaille<\/p>\n<p>07\/12\/2018\u00a0<a href=\"https:\/\/www.lebenswelt-berlin.de\/\" target=\"_blank\" rel=\"noopener\">Villa\/Berlin<\/a>\u00a0Oriental Christmas Night<\/p>\n<p>30\/11\/2018\u00a0<a href=\"https:\/\/en.wikipedia.org\/wiki\/Rathaus_Sch%C3%B6neberg\" target=\"_blank\" rel=\"noopener\">Rathaus Sch\u00f6neberg\/Berlin<\/a>\u00a0Christmas Dinner<\/p>\n<p>22\/11\/2018\u00a0<a href=\"http:\/\/www.werkstatt-der-kulturen.de\/\" target=\"_blank\" rel=\"noopener\">Werkstatt der Kulturen\/Berlin<\/a>\u00a0redfish anniversary<\/p>\n<p>02\/11\/2018\u00a0<a href=\"https:\/\/www.facebook.com\/zembilik\/\" target=\"_blank\" rel=\"noopener\">SO36\/Berlin<\/a>\u00a0Zemb\u00eel in SO36!<\/p>\n<p>18\/09\/2018\u00a0<a href=\"https:\/\/www.kkh-ev.de\/\" target=\"_blank\" rel=\"noopener\">Kurdisches Haus\/Berlin<\/a>\u00a0Duo<\/p>\n<p>08\/09\/2018\u00a0<a href=\"https:\/\/www.facebook.com\/zembilik\/\" target=\"_blank\" rel=\"noopener\">SO36\/Berlin<\/a>\u00a0Zemb\u00eel goes SO36!<\/p>\n<p>07\/09\/2018\u00a0<a href=\"http:\/\/hbs-ehemalige.de\/hbswp\/veranstaltungen\/\" target=\"_blank\" rel=\"noopener\">HBS-Stiftung\/Berlin<\/a>\u00a0Quo vadis offene Gesellschaft?<\/p>\n<p>09\/06\/2018\u00a0<a href=\"https:\/\/www.facebook.com\/zembilik\/\" target=\"_blank\" rel=\"noopener\">SkyLiveClub\/Berlin<\/a>\u00a0Zemb\u00eel<\/p>\n<p>30\/05\/2018\u00a0<a href=\"http:\/\/www.urbanspree.com\/de\/\" target=\"_blank\" rel=\"noopener\">Urban Spree\/Berlin<\/a>\u00a0Concert<\/p>\n<p>21\/05\/2018\u00a0<a href=\"http:\/\/www.karneval-berlin.de\/de\/\" target=\"_blank\" rel=\"noopener\">East2West\/Berlin<\/a>\u00a0Karneval der Kulturen<\/p>\n<p>12\/05\/2018\u00a0<a href=\"https:\/\/www.facebook.com\/zembilik\/\" target=\"_blank\" rel=\"noopener\">SkyLiveClub\/Berlin<\/a>\u00a0Zemb\u00eel<\/p>\n<p>24\/12\/2017\u00a0<a href=\"https:\/\/www.facebook.com\/zembilik\/\" target=\"_blank\" rel=\"noopener\">SO36\/Berlin<\/a>\u00a0Heilige Zemb\u00eel-Nacht<\/p>\n<p>16\/12\/2017\u00a0<a href=\"https:\/\/en.wikipedia.org\/wiki\/Rathaus_Sch%C3%B6neberg\" target=\"_blank\" rel=\"noopener\">Rathaus Sch\u00f6neberg\/Berlin<\/a>\u00a0Christmas Party<\/p>\n<p>15\/12\/2017\u00a0<a href=\"https:\/\/www.facebook.com\/zembilik\/\" target=\"_blank\" rel=\"noopener\">S\u00fcdblock\/Berlin<\/a>\u00a0Zemb\u00eel<\/p>\n<p>11\/11\/2017\u00a0<a href=\"https:\/\/www.facebook.com\/zembilik\/\" target=\"_blank\" rel=\"noopener\">S\u00fcdblock\/Berlin<\/a>\u00a0Zemb\u00eel<\/p>\n<p>16\/09\/2017\u00a0<a href=\"http:\/\/www.neukoellncountryandfolk.de\/\" target=\"_blank\" rel=\"noopener\">Gutshof Britz\/Berlin<\/a>\u00a0Neuk\u00f6lln Folk &amp; Country<\/p>\n<p>29\/07\/2017\u00a0<a href=\"http:\/\/www.radialsystem.de\/rebrush\/index.php\">Radialsystem V\/Berlin<\/a>\u00a0Displayed Replaced Festival<\/p>\n<p>28\/07\/2017\u00a0<a href=\"http:\/\/kuechwaldrauschen.de\/\">K\u00fcchwaldb\u00fchne\/Chemnitz<\/a>\u00a0K\u00fcchwaldrauschen<\/p>\n<p>24\/06\/2017\u00a0<a href=\"http:\/\/www.burg-klempenow.de\/\" target=\"_blank\" rel=\"noopener\">Burg Klempenow\/Klempenow<\/a>\u00a0Jahrmarkt<\/p>\n<p>09\/06\/2017\u00a0<a href=\"http:\/\/www.suedblock.org\/\" target=\"_blank\" rel=\"noopener\">S\u00fcdblock\/Berlin<\/a>\u00a0Zemb\u00eel<\/p>\n<p>18\/05\/2017\u00a0<a href=\"https:\/\/mbem.nrw\/de\/lv-bund\" target=\"_blank\" rel=\"noopener\">Landesvertretung NRW\/Berlin<\/a>\u00a0Zemb\u00eel<\/p>\n<p>13\/05\/2017\u00a0<a href=\"http:\/\/www.suedblock.org\/\" target=\"_blank\" rel=\"noopener\">S\u00fcdblock\/Berlin<\/a>\u00a0Zemb\u00eel<\/p>\n<p>01\/05\/2017\u00a0<a href=\"http:\/\/www.myfest36.de\/\" target=\"_blank\" rel=\"noopener\">Myfest\/Berlin<\/a>\u00a0Import Export<\/p>\n<p>15\/04\/2017\u00a0<a href=\"http:\/\/www.suedblock.org\/\" target=\"_blank\" rel=\"noopener\">S\u00fcdblock\/Berlin<\/a>\u00a0Zemb\u00eel<\/p>\n<p>18\/03\/2017\u00a0<a href=\"http:\/\/huxleysneuewelt.com\/about\" target=\"_blank\" rel=\"noopener\">Huxleys Neue Welt\/Berlin<\/a>\u00a0Newroz<\/p>\n<p>11\/03\/2017\u00a0<a href=\"http:\/\/www.suedblock.org\/\" target=\"_blank\" rel=\"noopener\">S\u00fcdblock\/Berlin<\/a>\u00a0Zemb\u00eel<\/p>\n<p>18\/02\/2017\u00a0<a href=\"http:\/\/www.suedblock.org\/\" target=\"_blank\" rel=\"noopener\">S\u00fcdblock\/Berlin<\/a>\u00a0Zemb\u00eel<\/p>\n<p>21\/01\/2017\u00a0<a href=\"http:\/\/www.suedblock.org\/\" target=\"_blank\" rel=\"noopener\">S\u00fcdblock\/Berlin<\/a>\u00a0Zemb\u00eel<\/p>\n<p>10\/12\/2016\u00a0<a href=\"http:\/\/www.suedblock.org\/\" target=\"_blank\" rel=\"noopener\">S\u00fcdblock\/Berlin<\/a>\u00a0Zemb\u00eel<\/p>\n<p>12\/11\/2016\u00a0<a href=\"http:\/\/www.suedblock.org\/\" target=\"_blank\" rel=\"noopener\">S\u00fcdblock\/Berlin<\/a>\u00a0Zemb\u00eel<\/p>\n<p>15\/10\/2016\u00a0<a href=\"http:\/\/www.suedblock.org\/\" target=\"_blank\" rel=\"noopener\">S\u00fcdblock\/Berlin<\/a>\u00a0Zemb\u00eel<\/p>\n<p>30\/07\/2016\u00a0<a href=\"http:\/\/berlin-lacht.de\/\" target=\"_blank\" rel=\"noopener\">Alex\/Berlin<\/a>\u00a0Berlin lacht!<\/p>\n<p>14\/07\/2016\u00a0<a href=\"http:\/\/www.augsburg.de\/kultur\/festivals\/hohes-friedensfest\/\" target=\"_blank\" rel=\"noopener\">Goldener Saal\/Augsburg<\/a>\u00a0Friedensfest<\/p>\n<p>30\/06\/2016\u00a0<a href=\"http:\/\/www.fusion-festival.de\/\" target=\"_blank\" rel=\"noopener\">Luftschloss\/L\u00e4rz<\/a>\u00a0Fusion Festival<\/p>\n<p>25\/06\/2016\u00a0<a href=\"http:\/\/www.suedblock.org\/\" target=\"_blank\" rel=\"noopener\">S\u00fcdblock\/Berlin<\/a>\u00a0Zemb\u00eel X*CSD Special<\/p>\n<p>25\/06\/2016\u00a0<a href=\"http:\/\/www.suedblock.org\/\" target=\"_blank\" rel=\"noopener\">S\u00fcdblock\/Berlin<\/a>\u00a0Zemb\u00eel<\/p>\n<p>28\/05\/2016\u00a0<a href=\"http:\/\/www.curt.de\/nbg\/inhalt\/artikel\/9477\/43\/\" target=\"_blank\" rel=\"noopener\">Werkstatt 141\/N\u00fcrnberg<\/a>\u00a0Diwan Lounge<\/p>\n<p>14\/05\/2016\u00a0<a href=\"http:\/\/www.karneval-berlin.de\/de\/bazaar.302.html\" target=\"_blank\" rel=\"noopener\">Karneval der Kulturen\/Berlin<\/a>\u00a0Baza\u00e1r Berlin<\/p>\n<p>14\/05\/2016\u00a0<a href=\"http:\/\/www.suedblock.org\/\" target=\"_blank\" rel=\"noopener\">S\u00fcdblock\/Berlin<\/a>\u00a0Zemb\u00eel<\/p>\n<p>01\/05\/2016\u00a0<a href=\"http:\/\/www.myfest36.de\/\" target=\"_blank\" rel=\"noopener\">Myfest\/Berlin<\/a>\u00a0Import Export<\/p>\n<p>30\/04\/2016\u00a0<a href=\"http:\/\/so36.de\/regulars\/gayhane\/\" target=\"_blank\" rel=\"noopener\">SO36\/Berlin<\/a>\u00a0Gayhane<\/p>\n<p>16\/04\/2016\u00a0<a href=\"http:\/\/www.suedblock.org\/\" target=\"_blank\" rel=\"noopener\">S\u00fcdblock\/Berlin<\/a>\u00a0Zemb\u00eel<\/p>\n<p>21\/03\/2016\u00a0<a href=\"http:\/\/adirjam.com\/Kurdistan-Haus\" target=\"_blank\" rel=\"noopener\">Kurdistan-Haus\/Berlin<\/a>\u00a0Newroz<\/p>\n<p>20\/03\/2016\u00a0<a href=\"http:\/\/www.yaam.de\/\" target=\"_blank\" rel=\"noopener\">YAAM\/Berlin<\/a>\u00a0Carnival Al-Laji\u00ecn<\/p>\n<p>19\/03\/2016\u00a0<a href=\"http:\/\/www.suedblock.org\/\" target=\"_blank\" rel=\"noopener\">S\u00fcdblock\/Berlin<\/a>\u00a0Zemb\u00eel<\/p>\n<p>20\/02\/2016\u00a0<a href=\"http:\/\/www.suedblock.org\/\" target=\"_blank\" rel=\"noopener\">S\u00fcdblock\/Berlin<\/a>\u00a0Zemb\u00eel<\/p>\n<p>30\/01\/2016\u00a0<a href=\"http:\/\/www.altepumpe.de\/de\/index.html\" target=\"_blank\" rel=\"noopener\">Alte Pumpe\/Berlin<\/a><\/p>\n<p>16\/01\/2016\u00a0<a href=\"http:\/\/www.suedblock.org\/\" target=\"_blank\" rel=\"noopener\">S\u00fcdblock\/Berlin<\/a>\u00a0Zemb\u00eel<\/p>\n<p>12\/2015\u00a0<a href=\"http:\/\/die-weisse-rose.de\/\" target=\"_blank\" rel=\"noopener\">Die Weisse Rose\/Berlin<\/a>\u00a0CrossKultur<\/p>\n<p>12\/2015\u00a0<a href=\"http:\/\/www.suedblock.org\/wp\/2016\/zembil-am-20-02-16\/\" target=\"_blank\" rel=\"noopener\">S\u00fcdblock\/Berlin<\/a>\u00a0Blockb\u00fchne<\/p>\n<p>11\/2015\u00a0<a href=\"http:\/\/www.yorckschloesschen.de\/\" target=\"_blank\" rel=\"noopener\">Yorkschl\u00f6sschen\/Berlin<\/a><\/p>\n<p>11\/2015\u00a0<a href=\"http:\/\/www.suedblock.org\/\" target=\"_blank\" rel=\"noopener\">S\u00fcdblock\/Berlin<\/a>\u00a0Zemb\u00eel<\/p>\n<p>10\/2015\u00a0<a href=\"https:\/\/calendar.boell.de\/de\/event\/einladung\" target=\"_blank\" rel=\"noopener\">Heinrich-B\u00f6ll-Stiftung\/Berlin<\/a>\u00a025. Jubil\u00e4um<\/p>\n<p>10\/2015\u00a0<a href=\"http:\/\/www.suedblock.org\/\" target=\"_blank\" rel=\"noopener\">S\u00fcdblock\/Berlin<\/a>\u00a0Zemb\u00eel<\/p>\n<p>09\/2015\u00a0<a href=\"https:\/\/festivalgegenrassismus.wordpress.com\/\" target=\"_blank\" rel=\"noopener\">Festival gegen Rassismus\/Berlin<\/a><\/p>\n<p>09\/2015\u00a0<a href=\"http:\/\/www.attension-festival.de\/de\/2015\/programm\/musikprogramm\/\" target=\"_blank\" rel=\"noopener\">Flugplatz L\u00e4rz\/L\u00e4rz<\/a>\u00a0at.tension Festival<\/p>\n<p>08\/2015\u00a0<a href=\"http:\/\/www.urbanspree.com\/event\/orientation\/\" target=\"_blank\" rel=\"noopener\">Urban Spree\/ Berlin<\/a>\u00a0Orientation<\/p>\n<p>06\/2015\u00a0<a href=\"http:\/\/www.gorki.de\/spielplan\/2015-06\/queer-up-2\/1511\/\" target=\"_blank\" rel=\"noopener\">Maxim Gorki Theater (Studio \u042f)\/Berlin<\/a>\u00a0Queer Up!<\/p>\n<p>06\/2015\u00a0<a href=\"http:\/\/www.suedblock.org\/\" target=\"_blank\" rel=\"noopener\">S\u00fcdblock\/Berlin<\/a>\u00a0Zemb\u00eel<\/p>\n<p>06\/2015\u00a0<a href=\"https:\/\/kcsd2015.wordpress.com\/\" target=\"_blank\" rel=\"noopener\">KCSD\/Berlin<\/a>\u00a0Kreuzberger CSD<\/p>\n<p>06\/2015\u00a0<a href=\"http:\/\/www.fusion-festival.de\/de\/2015\/home\/\" target=\"_blank\" rel=\"noopener\">Fusion Festival\/L\u00e4rz<\/a>\u00a0Fusion Festival<\/p>\n<p>05\/2015\u00a0<a href=\"http:\/\/www.suedblock.org\/wp\/2016\/zembil-am-20-02-16\/\" target=\"_blank\" rel=\"noopener\">S\u00fcdblock\/Berlin<\/a>\u00a0Zemb\u00eel<\/p>\n<p>05\/2015\u00a0<a href=\"http:\/\/www.karneval-berlin.de\/de\/bazaar.302.html\" target=\"_blank\" rel=\"noopener\">Karneval der Kulturen\/Berlin<\/a>\u00a0Baza\u00e1r Berlin<\/p>\n<p>04\/2015\u00a0<a href=\"http:\/\/www.suedblock.org\/\" target=\"_blank\" rel=\"noopener\">S\u00fcdblock\/Berlin<\/a>\u00a0Zemb\u00eel<\/p>\n<p>04\/2015\u00a0<a href=\"http:\/\/komciwan.eu\/blog\/roj-bas-fruehling\/\" target=\"_blank\" rel=\"noopener\">University\/Osnabr\u00fcck<\/a>\u00a0Fr\u00fchlingsfest<\/p>\n<p>03\/2015\u00a0<a href=\"http:\/\/www.suedblock.org\/\" target=\"_blank\" rel=\"noopener\">S\u00fcdblock\/Berlin<\/a>\u00a0Zemb\u00eel<\/p>\n<p>03\/2015\u00a0<a href=\"http:\/\/huxleysneuewelt.com\/\" target=\"_blank\" rel=\"noopener\">Huxleys Neue Welt\/Berlin<\/a>\u00a0Newroz<\/p>\n<p>02\/2015\u00a0<a href=\"http:\/\/www.suedblock.org\/\" target=\"_blank\" rel=\"noopener\">S\u00fcdblock\/Berlin<\/a>\u00a0Zemb\u00eel<\/p>\n<p>02\/2015\u00a0<a href=\"http:\/\/www.jockel-biergarten.com\/\" target=\"_blank\" rel=\"noopener\">Jockel Biergarten\/Berlin<\/a><\/p>\n<p>01\/2015\u00a0<a href=\"http:\/\/www.suedblock.org\/\" target=\"_blank\" rel=\"noopener\">S\u00fcdblock\/Berlin<\/a>\u00a0Zemb\u00eel<\/p>\n<p>12\/2014\u00a0<a href=\"http:\/\/www.cross-kultur.de\/crosskultur_2014.pdf\" target=\"_blank\" rel=\"noopener\">Gladt\/Berlin<\/a>\u00a0CrossKultur<\/p>\n<p>11\/2014\u00a0<a href=\"https:\/\/www.hkw.de\/de\/index.php\" target=\"_blank\" rel=\"noopener\">Haus der Kulturen der Welt (HKW)\/Berlin<\/a>\u00a0Festiwalla<\/p>\n<p>10\/2014\u00a0<a href=\"http:\/\/countryandeastern.net\/deutsche\/news\/sengal-solidarity-concert-hamburg-3rd-october\/\" target=\"_blank\" rel=\"noopener\">University\/Hamburg<\/a>\u00a0Shengal Solidarity<\/p>\n<p>09\/2014\u00a0<a href=\"http:\/\/www.werkstatt-der-kulturen.de\/\" target=\"_blank\" rel=\"noopener\">Werkstatt der Kulturen\/Berlin<\/a><\/p>\n<p>07\/2014\u00a0<a href=\"http:\/\/www.suedblock.org\/\" target=\"_blank\" rel=\"noopener\">S\u00fcdblock\/Berlin<\/a>\u00a0Sommerfest<\/p>\n<p>06\/2014\u00a0<a href=\"https:\/\/kreuzbergercsd.wordpress.com\/\" target=\"_blank\" rel=\"noopener\">KCSD\/Berlin<\/a>\u00a0Kreuzberger CSD (Pride\/Christopher Street Day)<\/p>\n<p>06\/2014\u00a0<a href=\"https:\/\/salaamschalom.wordpress.com\/2014\/06\/04\/salaam-schalom-soliparty\/\" target=\"_blank\" rel=\"noopener\">Kultst\u00e4tte Keller\/Berlin<\/a>\u00a0Salaam-Shalom Party<\/p>\n<p>05\/2014\u00a0<a href=\"http:\/\/www.myfest36.de\/\" target=\"_blank\" rel=\"noopener\">Myfest\/Berlin<\/a>\u00a0Import&amp;Export<\/p>\n<p>04\/2014\u00a0<a href=\"http:\/\/so36.de\/regulars\/gayhane\/\" target=\"_blank\" rel=\"noopener\">SO36\/Berlin<\/a>\u00a0Gayhane<\/p>\n<p>03\/2014\u00a0<a href=\"http:\/\/www.suedblock.org\/\" target=\"_blank\" rel=\"noopener\">S\u00fcdblock\/Berlin<\/a>\u00a0OrientWest Party<\/p>\n<p>03\/2014\u00a0<a href=\"https:\/\/www.pressestelle.tu-berlin.de\/menue\/veranstaltungen\/veranstaltungsservice\/veranstaltungsorte\/hoersaal_h0104\/\" target=\"_blank\" rel=\"noopener\">Technical University\/Berlin<\/a>\u00a0Newroz<\/p>\n<\/div>\n<p>&nbsp;<\/p>\n<\/div>\n<\/div><\/div><\/div><div id=\"pgc-278-0-1\"  class=\"panel-grid-cell\" ><div id=\"panel-278-0-1-0\" class=\"so-panel widget widget_sow-image panel-first-child\" data-index=\"2\" ><div\n\t\t\t\n\t\t\tclass=\"so-widget-sow-image so-widget-sow-image-default-a258e6bfa2d8-278\"\n\t\t\t\n\t\t>\n<div class=\"sow-image-container\">\n\t\t<img \n\tsrc=\"https:\/\/adirjan.com\/wp-content\/uploads\/2019\/01\/Janak\u00ee-Mou-Art.jpg\" width=\"2976\" height=\"2976\" srcset=\"https:\/\/adirjan.com\/wp-content\/uploads\/2019\/01\/Janak\u00ee-Mou-Art.jpg 2976w, https:\/\/adirjan.com\/wp-content\/uploads\/2019\/01\/Janak\u00ee-Mou-Art-150x150.jpg 150w, https:\/\/adirjan.com\/wp-content\/uploads\/2019\/01\/Janak\u00ee-Mou-Art-300x300.jpg 300w, https:\/\/adirjan.com\/wp-content\/uploads\/2019\/01\/Janak\u00ee-Mou-Art-768x768.jpg 768w, https:\/\/adirjan.com\/wp-content\/uploads\/2019\/01\/Janak\u00ee-Mou-Art-1024x1024.jpg 1024w, https:\/\/adirjan.com\/wp-content\/uploads\/2019\/01\/Janak\u00ee-Mou-Art-250x250.jpg 250w\" sizes=\"(max-width: 2976px) 100vw, 2976px\" title=\"Janak\u00ee Mou &#8211; Art\" alt=\"\" \t\tclass=\"so-widget-image\"\/>\n\t<\/div>\n\n<\/div><\/div><div id=\"panel-278-0-1-1\" class=\"so-panel widget widget_sow-image panel-last-child\" data-index=\"3\" ><div\n\t\t\t\n\t\t\tclass=\"so-widget-sow-image so-widget-sow-image-default-a258e6bfa2d8-278\"\n\t\t\t\n\t\t>\n<div class=\"sow-image-container\">\n\t\t<img \n\tsrc=\"https:\/\/adirjan.com\/wp-content\/uploads\/2019\/01\/Ma\u00e7-Art.jpg\" width=\"300\" height=\"300\" srcset=\"https:\/\/adirjan.com\/wp-content\/uploads\/2019\/01\/Ma\u00e7-Art.jpg 300w, https:\/\/adirjan.com\/wp-content\/uploads\/2019\/01\/Ma\u00e7-Art-150x150.jpg 150w, https:\/\/adirjan.com\/wp-content\/uploads\/2019\/01\/Ma\u00e7-Art-250x250.jpg 250w\" sizes=\"(max-width: 300px) 100vw, 300px\" title=\"Ma\u00e7 &#8211; Art\" alt=\"\" \t\tclass=\"so-widget-image\"\/>\n\t<\/div>\n\n<\/div><\/div><\/div><\/div><div id=\"pg-278-1\"  class=\"panel-grid panel-no-style\" ><div id=\"pgc-278-1-0\"  class=\"panel-grid-cell panel-grid-cell-empty\" ><\/div><\/div><\/div>","protected":false},"excerpt":{"rendered":"<p>&nbsp; 18.07.2026\u00a0 &#8211; Concert\u00a0with Emrah G\u00f6kmen \/ Aub bei W\u00fcrzburg &nbsp; 06.12.2025\u00a0 &#8211; Album (AL MAST) Release Special with Band &#8211; Zemb\u00eel &#8211; S\u00fcdblock\u00a0\/ Berlin 22.11.2025\u00a0 &#8211; Concert\u00a0with Band &#8211; Queertri&#8230;<\/p>\n<p> <a class=\"continue-reading-link\" href=\"https:\/\/adirjan.com\/?page_id=278\"><span>Weiterlesen<\/span><i class=\"crycon-right-dir\"><\/i><\/a> <\/p>\n","protected":false},"author":1,"featured_media":0,"parent":0,"menu_order":0,"comment_status":"closed","ping_status":"closed","template":"","meta":{"footnotes":""},"class_list":["post-278","page","type-page","status-publish","hentry"],"_links":{"self":[{"href":"https:\/\/adirjan.com\/index.php?rest_route=\/wp\/v2\/pages\/278","targetHints":{"allow":["GET"]}}],"collection":[{"href":"https:\/\/adirjan.com\/index.php?rest_route=\/wp\/v2\/pages"}],"about":[{"href":"https:\/\/adirjan.com\/index.php?rest_route=\/wp\/v2\/types\/page"}],"author":[{"embeddable":true,"href":"https:\/\/adirjan.com\/index.php?rest_route=\/wp\/v2\/users\/1"}],"replies":[{"embeddable":true,"href":"https:\/\/adirjan.com\/index.php?rest_route=%2Fwp%2Fv2%2Fcomments&post=278"}],"version-history":[{"count":205,"href":"https:\/\/adirjan.com\/index.php?rest_route=\/wp\/v2\/pages\/278\/revisions"}],"predecessor-version":[{"id":1033,"href":"https:\/\/adirjan.com\/index.php?rest_route=\/wp\/v2\/pages\/278\/revisions\/1033"}],"wp:attachment":[{"href":"https:\/\/adirjan.com\/index.php?rest_route=%2Fwp%2Fv2%2Fmedia&parent=278"}],"curies":[{"name":"wp","href":"https:\/\/api.w.org\/{rel}","templated":true}]}}